{"id":699,"date":"2025-10-31T11:54:07","date_gmt":"2025-10-31T11:54:07","guid":{"rendered":"https:\/\/dante-learning.com\/ger\/?page_id=699"},"modified":"2025-10-31T12:03:40","modified_gmt":"2025-10-31T12:03:40","slug":"699-2","status":"publish","type":"page","link":"https:\/\/dante-learning.com\/ger\/699-2\/","title":{"rendered":"Italienisch lernen mit Dante-Learning"},"content":{"rendered":"<div class=\"gb-container gb-container-bc118554\">\n<div class=\"gb-container gb-container-420cfb1e\">\n\n<h2 class=\"gb-headline gb-headline-89faaa91 gb-headline-text\">Italienisch-Lernmaterialien<\/h2>\n\n\n\n<p>Alle Inhalte auf dieser Seite sind frei zug\u00e4nglich.<br>Interaktive Quiz stehen Freunden zur Verf\u00fcgung, die unsere <strong>Freemium-Option<\/strong> w\u00e4hlen \u2013 eine kostenlose Registrierung mit nur einem Klick.<br><br>Italienisch lernen ist aufregend und manchmal herausfordernd.<br>Wir hoffen, dass unsere \u00dcbungen Ihnen helfen, sich zu verbessern.<br><br>Viel Spa\u00df beim Lernen und <strong><em>buono studio!<\/em><\/strong><\/p>\n\n\n<div class=\"gb-container gb-container-f7674b90\">\n\n<h2 class=\"gb-headline gb-headline-df3e18c0 gb-headline-text\">Suche<\/h2>\n\n\n<form role=\"search\" method=\"get\" action=\"https:\/\/dante-learning.com\/ger\/\" class=\"wp-block-search__no-button aligncenter wp-block-search\"    ><label class=\"wp-block-search__label screen-reader-text\" for=\"wp-block-search__input-1\" >Suchen<\/label><div class=\"wp-block-search__inside-wrapper\" ><input class=\"wp-block-search__input\" id=\"wp-block-search__input-1\" placeholder=\"Geben Sie ein Stichwort ein\" value=\"\" type=\"search\" name=\"s\" required \/><\/div><\/form>\n<\/div>\n\n\n<hr class=\"wp-block-separator has-alpha-channel-opacity\"\/>\n\n\n<div class=\"gb-container gb-container-3bdd4b53\">\n\n<div class=\"gb-grid-wrapper gb-grid-wrapper-276e3bfc gb-query-loop-wrapper\">\n<div class=\"gb-grid-column gb-grid-column-534d91eb gb-query-loop-item post-4549 post type-post status-publish format-standard hentry category-uncategorized pmpro-has-access\"><div class=\"gb-container gb-container-534d91eb\">\n<div class=\"gb-container gb-container-01997210\">\n<h3 class=\"gb-headline gb-headline-2d9bc049 gb-headline-text\"><a href=\"https:\/\/dante-learning.com\/ger\/comparativi-italienisch-5-fragen-b1\/\">Comparativi italienisch: 5 Fragen B1<\/a><\/h3>\n\n<div class=\"gb-headline gb-headline-4df9fed6 gb-headline-text\">Italienische Comparativi: piu&#8230; di (Marco e piu alto di Anna), meno&#8230; di (meno caro di), come (alto come Marco). Superlativ relativo: il piu bello. &#8230;<\/div>\n\n<div class=\"gb-container gb-container-3fb89cf5\">\n\n<figure class=\"wp-block-image size-thumbnail is-resized\"><img loading=\"lazy\" decoding=\"async\" width=\"150\" height=\"150\" src=\"https:\/\/dante-learning.com\/ger\/wp-content\/uploads\/2025\/05\/vacanze-150x150.webp\" alt=\"a man and woman riding a scooter\" class=\"wp-image-214\" style=\"width:48px;height:auto\" srcset=\"https:\/\/dante-learning.com\/ger\/wp-content\/uploads\/2025\/05\/vacanze-150x150.webp 150w, https:\/\/dante-learning.com\/ger\/wp-content\/uploads\/2025\/05\/vacanze.webp 300w\" sizes=\"auto, (max-width: 150px) 100vw, 150px\" \/><\/figure>\n\n\n<div class=\"gb-container gb-container-8c2cf4fa\">\n<div class=\"gb-headline gb-headline-013386f3 gb-headline-text\">Riccardo<\/div>\n\n<div class=\"gb-headline gb-headline-16e30371 gb-headline-text\"><time class=\"entry-date published\" datetime=\"2026-04-29T16:25:05+00:00\">April 29, 2026<\/time><\/div>\n<\/div>\n<\/div>\n<\/div>\n<\/div><\/div>\n\n<div class=\"gb-grid-column gb-grid-column-534d91eb gb-query-loop-item post-4548 post type-post status-publish format-standard hentry category-uncategorized pmpro-has-access\"><div class=\"gb-container gb-container-534d91eb\">\n<div class=\"gb-container gb-container-01997210\">\n<h3 class=\"gb-headline gb-headline-2d9bc049 gb-headline-text\"><a href=\"https:\/\/dante-learning.com\/ger\/discorso-indiretto-im-italienischen-5-fragen-b1\/\">Discorso indiretto im Italienischen: 5 Fragen B1<\/a><\/h3>\n\n<div class=\"gb-headline gb-headline-4df9fed6 gb-headline-text\">Der italienische Discorso indiretto wandelt direkte Rede in indirekte um: Marco dice &#8222;ho mangiato&#8220; wird zu Marco ha detto che aveva mangiato. Mit Hauptverb &#8230;<\/div>\n\n<div class=\"gb-container gb-container-3fb89cf5\">\n\n<figure class=\"wp-block-image size-thumbnail is-resized\"><img loading=\"lazy\" decoding=\"async\" width=\"150\" height=\"150\" src=\"https:\/\/dante-learning.com\/ger\/wp-content\/uploads\/2025\/05\/vacanze-150x150.webp\" alt=\"a man and woman riding a scooter\" class=\"wp-image-214\" style=\"width:48px;height:auto\" srcset=\"https:\/\/dante-learning.com\/ger\/wp-content\/uploads\/2025\/05\/vacanze-150x150.webp 150w, https:\/\/dante-learning.com\/ger\/wp-content\/uploads\/2025\/05\/vacanze.webp 300w\" sizes=\"auto, (max-width: 150px) 100vw, 150px\" \/><\/figure>\n\n\n<div class=\"gb-container gb-container-8c2cf4fa\">\n<div class=\"gb-headline gb-headline-013386f3 gb-headline-text\">Riccardo<\/div>\n\n<div class=\"gb-headline gb-headline-16e30371 gb-headline-text\"><time class=\"entry-date published\" datetime=\"2026-04-29T16:21:35+00:00\">April 29, 2026<\/time><\/div>\n<\/div>\n<\/div>\n<\/div>\n<\/div><\/div>\n\n<div class=\"gb-grid-column gb-grid-column-534d91eb gb-query-loop-item post-4547 post type-post status-publish format-standard hentry category-uncategorized pmpro-has-access\"><div class=\"gb-container gb-container-534d91eb\">\n<div class=\"gb-container gb-container-01997210\">\n<h3 class=\"gb-headline gb-headline-2d9bc049 gb-headline-text\"><a href=\"https:\/\/dante-learning.com\/ger\/periodo-ipotetico-verstehen-5-fragen-b1\/\">Periodo ipotetico verstehen: 5 Fragen B1<\/a><\/h3>\n\n<div class=\"gb-headline gb-headline-4df9fed6 gb-headline-text\">Der italienische Periodo ipotetico hat drei Typen: real (se piove, resto a casa), hypothetisch (se avessi tempo, verrei), irreal (se avessi avuto tempo, sarei &#8230;<\/div>\n\n<div class=\"gb-container gb-container-3fb89cf5\">\n\n<figure class=\"wp-block-image size-thumbnail is-resized\"><img loading=\"lazy\" decoding=\"async\" width=\"150\" height=\"150\" src=\"https:\/\/dante-learning.com\/ger\/wp-content\/uploads\/2025\/05\/vacanze-150x150.webp\" alt=\"a man and woman riding a scooter\" class=\"wp-image-214\" style=\"width:48px;height:auto\" srcset=\"https:\/\/dante-learning.com\/ger\/wp-content\/uploads\/2025\/05\/vacanze-150x150.webp 150w, https:\/\/dante-learning.com\/ger\/wp-content\/uploads\/2025\/05\/vacanze.webp 300w\" sizes=\"auto, (max-width: 150px) 100vw, 150px\" \/><\/figure>\n\n\n<div class=\"gb-container gb-container-8c2cf4fa\">\n<div class=\"gb-headline gb-headline-013386f3 gb-headline-text\">Riccardo<\/div>\n\n<div class=\"gb-headline gb-headline-16e30371 gb-headline-text\"><time class=\"entry-date published\" datetime=\"2026-04-29T16:18:07+00:00\">April 29, 2026<\/time><\/div>\n<\/div>\n<\/div>\n<\/div>\n<\/div><\/div>\n\n<div class=\"gb-grid-column gb-grid-column-534d91eb gb-query-loop-item post-4546 post type-post status-publish format-standard hentry category-uncategorized pmpro-has-access\"><div class=\"gb-container gb-container-534d91eb\">\n<div class=\"gb-container gb-container-01997210\">\n<h3 class=\"gb-headline gb-headline-2d9bc049 gb-headline-text\"><a href=\"https:\/\/dante-learning.com\/ger\/congiuntivo-imperfetto-5-fragen-b1\/\">Congiuntivo imperfetto: 5 Fragen B1<\/a><\/h3>\n\n<div class=\"gb-headline gb-headline-4df9fed6 gb-headline-text\">Der italienische Congiuntivo imperfetto wird gebildet mit -assi, -essi, -issi (parlassi, prendessi, dormissi). Er steht nach Verben der Vergangenheit (pensavo che, volevo che) und &#8230;<\/div>\n\n<div class=\"gb-container gb-container-3fb89cf5\">\n\n<figure class=\"wp-block-image size-thumbnail is-resized\"><img loading=\"lazy\" decoding=\"async\" width=\"150\" height=\"150\" src=\"https:\/\/dante-learning.com\/ger\/wp-content\/uploads\/2025\/05\/vacanze-150x150.webp\" alt=\"a man and woman riding a scooter\" class=\"wp-image-214\" style=\"width:48px;height:auto\" srcset=\"https:\/\/dante-learning.com\/ger\/wp-content\/uploads\/2025\/05\/vacanze-150x150.webp 150w, https:\/\/dante-learning.com\/ger\/wp-content\/uploads\/2025\/05\/vacanze.webp 300w\" sizes=\"auto, (max-width: 150px) 100vw, 150px\" \/><\/figure>\n\n\n<div class=\"gb-container gb-container-8c2cf4fa\">\n<div class=\"gb-headline gb-headline-013386f3 gb-headline-text\">Riccardo<\/div>\n\n<div class=\"gb-headline gb-headline-16e30371 gb-headline-text\"><time class=\"entry-date published\" datetime=\"2026-04-29T16:14:32+00:00\">April 29, 2026<\/time><\/div>\n<\/div>\n<\/div>\n<\/div>\n<\/div><\/div>\n\n<div class=\"gb-grid-column gb-grid-column-534d91eb gb-query-loop-item post-4545 post type-post status-publish format-standard hentry category-uncategorized pmpro-has-access\"><div class=\"gb-container gb-container-534d91eb\">\n<div class=\"gb-container gb-container-01997210\">\n<h3 class=\"gb-headline gb-headline-2d9bc049 gb-headline-text\"><a href=\"https:\/\/dante-learning.com\/ger\/congiuntivo-presente-verstehen-5-fragen-b1\/\">Congiuntivo presente verstehen: 5 Fragen B1<\/a><\/h3>\n\n<div class=\"gb-headline gb-headline-4df9fed6 gb-headline-text\">Der italienische Congiuntivo presente wird gebildet mit den Endungen -i (a-Verben) oder -a (e\/i-Verben). Beispiele: che io parli, che tu prenda, che lei dorma. &#8230;<\/div>\n\n<div class=\"gb-container gb-container-3fb89cf5\">\n\n<figure class=\"wp-block-image size-thumbnail is-resized\"><img loading=\"lazy\" decoding=\"async\" width=\"150\" height=\"150\" src=\"https:\/\/dante-learning.com\/ger\/wp-content\/uploads\/2025\/05\/vacanze-150x150.webp\" alt=\"a man and woman riding a scooter\" class=\"wp-image-214\" style=\"width:48px;height:auto\" srcset=\"https:\/\/dante-learning.com\/ger\/wp-content\/uploads\/2025\/05\/vacanze-150x150.webp 150w, https:\/\/dante-learning.com\/ger\/wp-content\/uploads\/2025\/05\/vacanze.webp 300w\" sizes=\"auto, (max-width: 150px) 100vw, 150px\" \/><\/figure>\n\n\n<div class=\"gb-container gb-container-8c2cf4fa\">\n<div class=\"gb-headline gb-headline-013386f3 gb-headline-text\">Riccardo<\/div>\n\n<div class=\"gb-headline gb-headline-16e30371 gb-headline-text\"><time class=\"entry-date published\" datetime=\"2026-04-29T16:10:46+00:00\">April 29, 2026<\/time><\/div>\n<\/div>\n<\/div>\n<\/div>\n<\/div><\/div>\n\n<div class=\"gb-grid-column gb-grid-column-534d91eb gb-query-loop-item post-4543 post type-post status-publish format-standard hentry category-uncategorized pmpro-has-access\"><div class=\"gb-container gb-container-534d91eb\">\n<div class=\"gb-container gb-container-01997210\">\n<h3 class=\"gb-headline gb-headline-2d9bc049 gb-headline-text\"><a href=\"https:\/\/dante-learning.com\/ger\/pronome-ne-italienisch-5-fragen-b1\/\">Pronome ne italienisch: 5 Fragen B1<\/a><\/h3>\n\n<div class=\"gb-headline gb-headline-4df9fed6 gb-headline-text\">Das italienische Pronome ne ersetzt eine Praepositionalphrase mit di oder eine Mengenangabe. Beispiele: Ne parlo (Ich spreche darueber), Ne ho due (Ich habe zwei &#8230;<\/div>\n\n<div class=\"gb-container gb-container-3fb89cf5\">\n\n<figure class=\"wp-block-image size-thumbnail is-resized\"><img loading=\"lazy\" decoding=\"async\" width=\"150\" height=\"150\" src=\"https:\/\/dante-learning.com\/ger\/wp-content\/uploads\/2025\/05\/vacanze-150x150.webp\" alt=\"a man and woman riding a scooter\" class=\"wp-image-214\" style=\"width:48px;height:auto\" srcset=\"https:\/\/dante-learning.com\/ger\/wp-content\/uploads\/2025\/05\/vacanze-150x150.webp 150w, https:\/\/dante-learning.com\/ger\/wp-content\/uploads\/2025\/05\/vacanze.webp 300w\" sizes=\"auto, (max-width: 150px) 100vw, 150px\" \/><\/figure>\n\n\n<div class=\"gb-container gb-container-8c2cf4fa\">\n<div class=\"gb-headline gb-headline-013386f3 gb-headline-text\">Riccardo<\/div>\n\n<div class=\"gb-headline gb-headline-16e30371 gb-headline-text\"><time class=\"entry-date published\" datetime=\"2026-04-29T15:24:59+00:00\">April 29, 2026<\/time><\/div>\n<\/div>\n<\/div>\n<\/div>\n<\/div><\/div>\n\n<div class=\"gb-grid-column gb-grid-column-534d91eb gb-query-loop-item post-4541 post type-post status-publish format-standard hentry category-uncategorized pmpro-has-access\"><div class=\"gb-container gb-container-534d91eb\">\n<div class=\"gb-container gb-container-01997210\">\n<h3 class=\"gb-headline gb-headline-2d9bc049 gb-headline-text\"><a href=\"https:\/\/dante-learning.com\/ger\/pronomi-combinati-italienisch-5-fragen-b1\/\">Pronomi combinati italienisch: 5 Fragen B1<\/a><\/h3>\n\n<div class=\"gb-headline gb-headline-4df9fed6 gb-headline-text\">Die italienischen Pronomi combinati entstehen aus Dativ plus Akkusativ: mi+lo=me lo, ti+la=te la, gli+lo=glielo, ci+le=ce le, vi+li=ve li. Bei reflexiven Verben se lo, se &#8230;<\/div>\n\n<div class=\"gb-container gb-container-3fb89cf5\">\n\n<figure class=\"wp-block-image size-thumbnail is-resized\"><img loading=\"lazy\" decoding=\"async\" width=\"150\" height=\"150\" src=\"https:\/\/dante-learning.com\/ger\/wp-content\/uploads\/2025\/05\/vacanze-150x150.webp\" alt=\"a man and woman riding a scooter\" class=\"wp-image-214\" style=\"width:48px;height:auto\" srcset=\"https:\/\/dante-learning.com\/ger\/wp-content\/uploads\/2025\/05\/vacanze-150x150.webp 150w, https:\/\/dante-learning.com\/ger\/wp-content\/uploads\/2025\/05\/vacanze.webp 300w\" sizes=\"auto, (max-width: 150px) 100vw, 150px\" \/><\/figure>\n\n\n<div class=\"gb-container gb-container-8c2cf4fa\">\n<div class=\"gb-headline gb-headline-013386f3 gb-headline-text\">Riccardo<\/div>\n\n<div class=\"gb-headline gb-headline-16e30371 gb-headline-text\"><time class=\"entry-date published\" datetime=\"2026-04-29T15:20:39+00:00\">April 29, 2026<\/time><\/div>\n<\/div>\n<\/div>\n<\/div>\n<\/div><\/div>\n\n<div class=\"gb-grid-column gb-grid-column-534d91eb gb-query-loop-item post-4539 post type-post status-publish format-standard hentry category-uncategorized pmpro-has-access\"><div class=\"gb-container gb-container-534d91eb\">\n<div class=\"gb-container gb-container-01997210\">\n<h3 class=\"gb-headline gb-headline-2d9bc049 gb-headline-text\"><a href=\"https:\/\/dante-learning.com\/ger\/si-impersonale-verstehen-5-fragen-b1\/\">Si impersonale verstehen: 5 Fragen B1<\/a><\/h3>\n\n<div class=\"gb-headline gb-headline-4df9fed6 gb-headline-text\">Das italienische Si impersonale entspricht dem deutschen man: Si parla italiano (Man spricht Italienisch), Si dice che (Man sagt dass). Bei transitiven Verben wird &#8230;<\/div>\n\n<div class=\"gb-container gb-container-3fb89cf5\">\n\n<figure class=\"wp-block-image size-thumbnail is-resized\"><img loading=\"lazy\" decoding=\"async\" width=\"150\" height=\"150\" src=\"https:\/\/dante-learning.com\/ger\/wp-content\/uploads\/2025\/05\/vacanze-150x150.webp\" alt=\"a man and woman riding a scooter\" class=\"wp-image-214\" style=\"width:48px;height:auto\" srcset=\"https:\/\/dante-learning.com\/ger\/wp-content\/uploads\/2025\/05\/vacanze-150x150.webp 150w, https:\/\/dante-learning.com\/ger\/wp-content\/uploads\/2025\/05\/vacanze.webp 300w\" sizes=\"auto, (max-width: 150px) 100vw, 150px\" \/><\/figure>\n\n\n<div class=\"gb-container gb-container-8c2cf4fa\">\n<div class=\"gb-headline gb-headline-013386f3 gb-headline-text\">Riccardo<\/div>\n\n<div class=\"gb-headline gb-headline-16e30371 gb-headline-text\"><time class=\"entry-date published\" datetime=\"2026-04-29T15:15:59+00:00\">April 29, 2026<\/time><\/div>\n<\/div>\n<\/div>\n<\/div>\n<\/div><\/div>\n<\/div>\n\n\n<hr class=\"wp-block-separator has-alpha-channel-opacity\"\/>\n\n\n<div class=\"gb-container gb-container-c9abecc3 gb-query-loop-pagination\">\n\n\n<span class=\"gb-button gb-button-3dbd95c0 gb-button-text page-numbers gb-block-is-current\" aria-current=\"page\">1<\/span><a class=\"gb-button gb-button-3dbd95c0 gb-button-text page-numbers\" href=\"?query-f7afbf7c-page=2\">2<\/a><a class=\"gb-button gb-button-3dbd95c0 gb-button-text page-numbers\" href=\"?query-f7afbf7c-page=3\">3<\/a><span class=\"gb-button gb-button-3dbd95c0 gb-button-text page-numbers dots\">\u2026<\/span><a class=\"gb-button gb-button-3dbd95c0 gb-button-text page-numbers\" href=\"?query-f7afbf7c-page=19\">19<\/a>\n\n<a class=\"gb-button gb-button-05fb9feb gb-button-text\" href=\"\/ger\/wp-json\/wp\/v2\/pages\/699?query-f7afbf7c-page=2\">N\u00e4chste<\/a>\n<\/div>\n\n<\/div>\n<\/div>\n<\/div>","protected":false},"excerpt":{"rendered":"<p>Italienisch-Lernmaterialien Alle Inhalte auf dieser Seite sind frei zug\u00e4nglich.Interaktive Quiz stehen Freunden zur Verf\u00fcgung, die unsere Freemium-Option w\u00e4hlen \u2013 eine kostenlose Registrierung mit nur einem Klick. Italienisch lernen ist aufregend und manchmal herausfordernd.Wir hoffen, dass unsere \u00dcbungen Ihnen helfen, sich zu verbessern. Viel Spa\u00df beim Lernen und buono studio! Suche<\/p>\n","protected":false},"author":1,"featured_media":0,"parent":0,"menu_order":0,"comment_status":"closed","ping_status":"closed","template":"","meta":{"_bbp_topic_count":0,"_bbp_reply_count":0,"_bbp_total_topic_count":0,"_bbp_total_reply_count":0,"_bbp_voice_count":0,"_bbp_anonymous_reply_count":0,"_bbp_topic_count_hidden":0,"_bbp_reply_count_hidden":0,"_bbp_forum_subforum_count":0,"pmpro_default_level":"","footnotes":""},"class_list":{"0":"post-699","1":"page","2":"type-page","3":"status-publish","5":"pmpro-has-access"},"_links":{"self":[{"href":"https:\/\/dante-learning.com\/ger\/wp-json\/wp\/v2\/pages\/699","targetHints":{"allow":["GET"]}}],"collection":[{"href":"https:\/\/dante-learning.com\/ger\/wp-json\/wp\/v2\/pages"}],"about":[{"href":"https:\/\/dante-learning.com\/ger\/wp-json\/wp\/v2\/types\/page"}],"author":[{"embeddable":true,"href":"https:\/\/dante-learning.com\/ger\/wp-json\/wp\/v2\/users\/1"}],"replies":[{"embeddable":true,"href":"https:\/\/dante-learning.com\/ger\/wp-json\/wp\/v2\/comments?post=699"}],"version-history":[{"count":3,"href":"https:\/\/dante-learning.com\/ger\/wp-json\/wp\/v2\/pages\/699\/revisions"}],"predecessor-version":[{"id":706,"href":"https:\/\/dante-learning.com\/ger\/wp-json\/wp\/v2\/pages\/699\/revisions\/706"}],"wp:attachment":[{"href":"https:\/\/dante-learning.com\/ger\/wp-json\/wp\/v2\/media?parent=699"}],"curies":[{"name":"wp","href":"https:\/\/api.w.org\/{rel}","templated":true}]}}